{"id":2147,"date":"2021-04-19T18:58:39","date_gmt":"2021-04-19T16:58:39","guid":{"rendered":"https:\/\/sylviepotier.com\/?page_id=2147"},"modified":"2024-05-07T22:26:49","modified_gmt":"2024-05-07T20:26:49","slug":"events-and-exhibitions","status":"publish","type":"page","link":"https:\/\/sylviepotier.com\/en\/events-and-exhibitions\/","title":{"rendered":"Events and exhibitions"},"content":{"rendered":"<div data-elementor-type=\"wp-page\" data-elementor-id=\"2147\" class=\"elementor elementor-2147\">\n\t\t\t\t\t\t<section class=\"elementor-section elementor-top-section elementor-element elementor-element-22a91f5 elementor-section-boxed elementor-section-height-default elementor-section-height-default\" data-id=\"22a91f5\" data-element_type=\"section\">\n\t\t\t\t\t\t<div class=\"elementor-container elementor-column-gap-default\">\n\t\t\t\t\t<div class=\"elementor-column elementor-col-100 elementor-top-column elementor-element elementor-element-e40a13f\" data-id=\"e40a13f\" data-element_type=\"column\">\n\t\t\t<div class=\"elementor-widget-wrap elementor-element-populated\">\n\t\t\t\t\t\t<div class=\"elementor-element elementor-element-52bc55e elementor-widget elementor-widget-heading\" data-id=\"52bc55e\" data-element_type=\"widget\" data-widget_type=\"heading.default\">\n\t\t\t\t<div class=\"elementor-widget-container\">\n\t\t\t\t\t<h2 class=\"elementor-heading-title elementor-size-default\">Events and exhibitions<\/h2>\t\t\t\t<\/div>\n\t\t\t\t<\/div>\n\t\t\t\t<div class=\"elementor-element elementor-element-5bb1cc3 elementor-widget elementor-widget-text-editor\" data-id=\"5bb1cc3\" data-element_type=\"widget\" data-widget_type=\"text-editor.default\">\n\t\t\t\t<div class=\"elementor-widget-container\">\n\t\t\t\t\t\t\t\t\t<p>All events and exhibitions featuring Sylvie Potier.<\/p>\t\t\t\t\t\t\t\t<\/div>\n\t\t\t\t<\/div>\n\t\t\t\t<div class=\"elementor-element elementor-element-2690e86 elementor-widget elementor-widget-uael-posts\" data-id=\"2690e86\" data-element_type=\"widget\" data-settings=\"{&quot;feed_slides_to_show_tablet&quot;:2,&quot;feed_slides_to_show_mobile&quot;:1}\" data-widget_type=\"uael-posts.feed\">\n\t\t\t\t<div class=\"elementor-widget-container\">\n\t\t\t\t\t\t\t<div class=\"uael-post__header\">\n\t\t\t\t\t<\/div>\n\t\t<div class=\"uael-post__body\">\n\t\t\t\n\t\t\n\t\t<div class=\"uael-post-grid uael-posts\" data-query-type=\"custom\" data-structure=\"\" data-layout=\"\" data-page=\"2147\" data-skin=\"feed\" data-filter-default=\"\" data-offset-top=\"30\" >\n\n\t\t\t\t\t\t\t<div class=\"uael-post-grid__inner uael-post__columns-1 uael-post__columns-tablet-1 uael-post__columns-mobile-1 uael-post-infinite-scroll uael-post-infinite__event-scroll\">\n\t\t\t\n\n<div class=\"uael-post-wrapper  show\">\n\n\t<div class=\"uael-post__bg-wrap\">\n\t\t\n\t\t\n\t\t<div class=\"uael-post__inner-wrap\">\n\n\t\t\t\t<div class=\"uael-post__thumbnail\">\n\t\t\t\n\t\t\t<a href=\"https:\/\/sylviepotier.com\/en\/fragments5-27-30-novembre-toulouse-2\/\" target=\"_self\" title=\"FRAGMENTS#5 &#8211; 27 &gt; 30 NOVEMBRE &#8211; TOULOUSE\"><img fetchpriority=\"high\" decoding=\"async\" width=\"1600\" height=\"1200\" src=\"https:\/\/sylviepotier.com\/wp-content\/uploads\/2025\/10\/salon-fragments-2025-Sylvie-potier-mosaique-2.jpg\" class=\"attachment-full size-full wp-image-4733\" alt=\"\" srcset=\"https:\/\/sylviepotier.com\/wp-content\/uploads\/2025\/10\/salon-fragments-2025-Sylvie-potier-mosaique-2.jpg 1600w, https:\/\/sylviepotier.com\/wp-content\/uploads\/2025\/10\/salon-fragments-2025-Sylvie-potier-mosaique-2-300x225.jpg 300w, https:\/\/sylviepotier.com\/wp-content\/uploads\/2025\/10\/salon-fragments-2025-Sylvie-potier-mosaique-2-1024x768.jpg 1024w, https:\/\/sylviepotier.com\/wp-content\/uploads\/2025\/10\/salon-fragments-2025-Sylvie-potier-mosaique-2-768x576.jpg 768w, https:\/\/sylviepotier.com\/wp-content\/uploads\/2025\/10\/salon-fragments-2025-Sylvie-potier-mosaique-2-1536x1152.jpg 1536w, https:\/\/sylviepotier.com\/wp-content\/uploads\/2025\/10\/salon-fragments-2025-Sylvie-potier-mosaique-2-16x12.jpg 16w, https:\/\/sylviepotier.com\/wp-content\/uploads\/2025\/10\/salon-fragments-2025-Sylvie-potier-mosaique-2-400x300.jpg 400w, https:\/\/sylviepotier.com\/wp-content\/uploads\/2025\/10\/salon-fragments-2025-Sylvie-potier-mosaique-2-900x675.jpg 900w\" sizes=\"(max-width: 1600px) 100vw, 1600px\" \/><\/a>\n\t\t\t\t\t<\/div>\n\t\t\n\t\t\t\n\t\t\t<div class=\"uael-post__content-wrap\">\n\n\t\t\t<span class=\"uael-post__terms\"><a href=\"https:\/\/sylviepotier.com\/en\/category\/show\/\" class=\"uael-listing__terms-link\" id=\"uael-post-term-show\" aria-labelledby=\"uael-post-term-show\">Show<\/a><\/span>\t\t<h3 class=\"uael-post__title\">\n\n\t\t\n\t\t\t\t\t\t<a href=\"https:\/\/sylviepotier.com\/en\/fragments5-27-30-novembre-toulouse-2\/\" target=\"_self\">\n\t\t\t\tFRAGMENTS#5 &#8211; 27 > 30 NOVEMBRE &#8211; TOULOUSE\t\t\t<\/a>\n\n\t\t\t\t<\/h3>\n\t\t<div class=\"uael-post__separator\"><\/div>\n\t\t<div class=\"uael-post__excerpt\">\n\t\t\t<p>Retrouvez Sylvie Potier, au Salon des M\u00e9tiers d&rsquo;Art d&rsquo;Occitanie au stand n\u00b071, salle des Colonnes \u00e0 l&rsquo;H\u00f4tel-Dieu de Toulouse. https:\/\/www.metiersdart-occitanie.com\/fragments\/<\/p>\n\t\t<\/div>\n\n\t\t\t\t\t<div class=\"uael-post__meta-data\">\n\t\t\t\t\t<\/div>\n\t\t\t\t\t<a class=\"uael-post__read-more elementor-button\" href=\"https:\/\/sylviepotier.com\/en\/fragments5-27-30-novembre-toulouse-2\/\" target=\"_self\" aria-labelledby=\"uael-post-4737\">\n\t\t\t\t\t<span class=\"elementor-button-content-wrapper\">\n\t\t\t\t\t\t\t\t\t\t\t\t\t\t<span class=\"elementor-button-icon elementor-align-icon-left\">\n\n\t\t\t\t\t\t\t\t\t\n\t\t\t\t\t\t\t\t<\/span>\n\t\t\t\t\t\t\t\t\t\t\t\t\t\n\t\t\t\t\t\t<span class=\"elementor-button-text\" id=\"uael-post-4737\">Read More<\/span>\n\t\t\t\t\t<\/span>\n\t\t\t\t<\/a>\n\t\t\t\t\t\t<\/div>\n\t\t\t\n\t\t<\/div>\n\t\t\n\t<\/div>\n\n<\/div>\n\n\n<div class=\"uael-post-wrapper  show\">\n\n\t<div class=\"uael-post__bg-wrap\">\n\t\t\n\t\t\n\t\t<div class=\"uael-post__inner-wrap\">\n\n\t\t\t\t<div class=\"uael-post__thumbnail\">\n\t\t\t\n\t\t\t<a href=\"https:\/\/sylviepotier.com\/en\/matieres-salon-du-patrimoine-et-des-metiers-dart-10-12-octobre-cite-de-soreze\/\" target=\"_self\" title=\"Mati\u00e8re(s) Salon du Patrimoine et des M\u00e9tiers d&rsquo;Art &#8211; 10 &gt; 12 octobre &#8211; CIT\u00c9 DE SOR\u00c8ZE\"><img decoding=\"async\" width=\"1280\" height=\"1280\" src=\"https:\/\/sylviepotier.com\/wp-content\/uploads\/2025\/10\/matieres-salon-du-patrimoine-et-des-metiers-dart-2025-2.jpg\" class=\"attachment-full size-full wp-image-4723\" alt=\"\" srcset=\"https:\/\/sylviepotier.com\/wp-content\/uploads\/2025\/10\/matieres-salon-du-patrimoine-et-des-metiers-dart-2025-2.jpg 1280w, https:\/\/sylviepotier.com\/wp-content\/uploads\/2025\/10\/matieres-salon-du-patrimoine-et-des-metiers-dart-2025-2-300x300.jpg 300w, https:\/\/sylviepotier.com\/wp-content\/uploads\/2025\/10\/matieres-salon-du-patrimoine-et-des-metiers-dart-2025-2-1024x1024.jpg 1024w, https:\/\/sylviepotier.com\/wp-content\/uploads\/2025\/10\/matieres-salon-du-patrimoine-et-des-metiers-dart-2025-2-150x150.jpg 150w, https:\/\/sylviepotier.com\/wp-content\/uploads\/2025\/10\/matieres-salon-du-patrimoine-et-des-metiers-dart-2025-2-768x768.jpg 768w, https:\/\/sylviepotier.com\/wp-content\/uploads\/2025\/10\/matieres-salon-du-patrimoine-et-des-metiers-dart-2025-2-12x12.jpg 12w, https:\/\/sylviepotier.com\/wp-content\/uploads\/2025\/10\/matieres-salon-du-patrimoine-et-des-metiers-dart-2025-2-400x400.jpg 400w, https:\/\/sylviepotier.com\/wp-content\/uploads\/2025\/10\/matieres-salon-du-patrimoine-et-des-metiers-dart-2025-2-900x900.jpg 900w, https:\/\/sylviepotier.com\/wp-content\/uploads\/2025\/10\/matieres-salon-du-patrimoine-et-des-metiers-dart-2025-2-100x100.jpg 100w\" sizes=\"(max-width: 1280px) 100vw, 1280px\" \/><\/a>\n\t\t\t\t\t<\/div>\n\t\t\n\t\t\t\n\t\t\t<div class=\"uael-post__content-wrap\">\n\n\t\t\t<span class=\"uael-post__terms\"><a href=\"https:\/\/sylviepotier.com\/en\/category\/show\/\" class=\"uael-listing__terms-link\" id=\"uael-post-term-show\" aria-labelledby=\"uael-post-term-show\">Show<\/a><\/span>\t\t<h3 class=\"uael-post__title\">\n\n\t\t\n\t\t\t\t\t\t<a href=\"https:\/\/sylviepotier.com\/en\/matieres-salon-du-patrimoine-et-des-metiers-dart-10-12-octobre-cite-de-soreze\/\" target=\"_self\">\n\t\t\t\tMati\u00e8re(s) Salon du Patrimoine et des M\u00e9tiers d&rsquo;Art &#8211; 10 > 12 octobre &#8211; CIT\u00c9 DE SOR\u00c8ZE\t\t\t<\/a>\n\n\t\t\t\t<\/h3>\n\t\t<div class=\"uael-post__separator\"><\/div>\n\t\t<div class=\"uael-post__excerpt\">\n\t\t\t<p>Sylvie Potier sera pr\u00e9sente au Salon Mati\u00e8re(s) premi\u00e8re \u00e9dition, au stand n\u00b035. https:\/\/matieres-salon-patrimoine-et-metier-dart.com\/<\/p>\n\t\t<\/div>\n\n\t\t\t\t\t<div class=\"uael-post__meta-data\">\n\t\t\t\t\t<\/div>\n\t\t\t\t\t<a class=\"uael-post__read-more elementor-button\" href=\"https:\/\/sylviepotier.com\/en\/matieres-salon-du-patrimoine-et-des-metiers-dart-10-12-octobre-cite-de-soreze\/\" target=\"_self\" aria-labelledby=\"uael-post-4725\">\n\t\t\t\t\t<span class=\"elementor-button-content-wrapper\">\n\t\t\t\t\t\t\t\t\t\t\t\t\t\t<span class=\"elementor-button-icon elementor-align-icon-left\">\n\n\t\t\t\t\t\t\t\t\t\n\t\t\t\t\t\t\t\t<\/span>\n\t\t\t\t\t\t\t\t\t\t\t\t\t\n\t\t\t\t\t\t<span class=\"elementor-button-text\" id=\"uael-post-4725\">Read More<\/span>\n\t\t\t\t\t<\/span>\n\t\t\t\t<\/a>\n\t\t\t\t\t\t<\/div>\n\t\t\t\n\t\t<\/div>\n\t\t\n\t<\/div>\n\n<\/div>\n\n\n<div class=\"uael-post-wrapper  exhibition\">\n\n\t<div class=\"uael-post__bg-wrap\">\n\t\t\n\t\t\n\t\t<div class=\"uael-post__inner-wrap\">\n\n\t\t\t\t<div class=\"uael-post__thumbnail\">\n\t\t\t\n\t\t\t<a href=\"https:\/\/sylviepotier.com\/en\/nature-matieres-du-4-juin-au-28-septembre-2025-abbaye-de-bonnefont\/\" target=\"_self\" title=\"Nature &amp; Mati\u00e8res &#8211; 4 juin &gt; 28 septembre 2025 &#8211; Abbaye de Bonnefont\"><img decoding=\"async\" width=\"800\" height=\"800\" src=\"https:\/\/sylviepotier.com\/wp-content\/uploads\/2025\/05\/exposition-nature-et-matieres-sylvie-potier-mosaiste.jpg\" class=\"attachment-full size-full wp-image-4393\" alt=\"\" srcset=\"https:\/\/sylviepotier.com\/wp-content\/uploads\/2025\/05\/exposition-nature-et-matieres-sylvie-potier-mosaiste.jpg 800w, https:\/\/sylviepotier.com\/wp-content\/uploads\/2025\/05\/exposition-nature-et-matieres-sylvie-potier-mosaiste-300x300.jpg 300w, https:\/\/sylviepotier.com\/wp-content\/uploads\/2025\/05\/exposition-nature-et-matieres-sylvie-potier-mosaiste-150x150.jpg 150w, https:\/\/sylviepotier.com\/wp-content\/uploads\/2025\/05\/exposition-nature-et-matieres-sylvie-potier-mosaiste-768x768.jpg 768w, https:\/\/sylviepotier.com\/wp-content\/uploads\/2025\/05\/exposition-nature-et-matieres-sylvie-potier-mosaiste-12x12.jpg 12w, https:\/\/sylviepotier.com\/wp-content\/uploads\/2025\/05\/exposition-nature-et-matieres-sylvie-potier-mosaiste-400x400.jpg 400w, https:\/\/sylviepotier.com\/wp-content\/uploads\/2025\/05\/exposition-nature-et-matieres-sylvie-potier-mosaiste-100x100.jpg 100w\" sizes=\"(max-width: 800px) 100vw, 800px\" \/><\/a>\n\t\t\t\t\t<\/div>\n\t\t\n\t\t\t\n\t\t\t<div class=\"uael-post__content-wrap\">\n\n\t\t\t<span class=\"uael-post__terms\"><a href=\"https:\/\/sylviepotier.com\/en\/category\/exhibition\/\" class=\"uael-listing__terms-link\" id=\"uael-post-term-exhibition\" aria-labelledby=\"uael-post-term-exhibition\">Exhibition<\/a><\/span>\t\t<h3 class=\"uael-post__title\">\n\n\t\t\n\t\t\t\t\t\t<a href=\"https:\/\/sylviepotier.com\/en\/nature-matieres-du-4-juin-au-28-septembre-2025-abbaye-de-bonnefont\/\" target=\"_self\">\n\t\t\t\tNature &amp; Mati\u00e8res &#8211; 4 juin > 28 septembre 2025 &#8211; Abbaye de Bonnefont\t\t\t<\/a>\n\n\t\t\t\t<\/h3>\n\t\t<div class=\"uael-post__separator\"><\/div>\n\t\t<div class=\"uael-post__excerpt\">\n\t\t\t<p>Exposition collective \u201c Nature &amp; Mati\u00e8res \u201d du 4 juin au 28 septembre 2025 \u00e0 Proupiary (31360), r\u00e9unira cinq artisans d\u2019art avec un savoir faire &#8230;<\/p>\n\t\t<\/div>\n\n\t\t\t\t\t<div class=\"uael-post__meta-data\">\n\t\t\t\t\t<\/div>\n\t\t\t\t\t<a class=\"uael-post__read-more elementor-button\" href=\"https:\/\/sylviepotier.com\/en\/nature-matieres-du-4-juin-au-28-septembre-2025-abbaye-de-bonnefont\/\" target=\"_self\" aria-labelledby=\"uael-post-4539\">\n\t\t\t\t\t<span class=\"elementor-button-content-wrapper\">\n\t\t\t\t\t\t\t\t\t\t\t\t\t\t<span class=\"elementor-button-icon elementor-align-icon-left\">\n\n\t\t\t\t\t\t\t\t\t\n\t\t\t\t\t\t\t\t<\/span>\n\t\t\t\t\t\t\t\t\t\t\t\t\t\n\t\t\t\t\t\t<span class=\"elementor-button-text\" id=\"uael-post-4539\">Read More<\/span>\n\t\t\t\t\t<\/span>\n\t\t\t\t<\/a>\n\t\t\t\t\t\t<\/div>\n\t\t\t\n\t\t<\/div>\n\t\t\n\t<\/div>\n\n<\/div>\n\n\n<div class=\"uael-post-wrapper  show\">\n\n\t<div class=\"uael-post__bg-wrap\">\n\t\t\n\t\t\n\t\t<div class=\"uael-post__inner-wrap\">\n\n\t\t\t\t<div class=\"uael-post__thumbnail\">\n\t\t\t\n\t\t\t<a href=\"https:\/\/sylviepotier.com\/en\/salon-des-arts-et-du-feu-a-martres-tolosane-3\/\" target=\"_self\" title=\"Salon des Arts et du Feu \u00e0 Martres-Tolosane\"><img loading=\"lazy\" decoding=\"async\" width=\"600\" height=\"600\" src=\"https:\/\/sylviepotier.com\/wp-content\/uploads\/2024\/10\/1-sylvie-potier-mosaiste-salon-des-arts-et-du-feu.jpg\" class=\"attachment-full size-full wp-image-4356\" alt=\"\" srcset=\"https:\/\/sylviepotier.com\/wp-content\/uploads\/2024\/10\/1-sylvie-potier-mosaiste-salon-des-arts-et-du-feu.jpg 600w, https:\/\/sylviepotier.com\/wp-content\/uploads\/2024\/10\/1-sylvie-potier-mosaiste-salon-des-arts-et-du-feu-300x300.jpg 300w, https:\/\/sylviepotier.com\/wp-content\/uploads\/2024\/10\/1-sylvie-potier-mosaiste-salon-des-arts-et-du-feu-150x150.jpg 150w, https:\/\/sylviepotier.com\/wp-content\/uploads\/2024\/10\/1-sylvie-potier-mosaiste-salon-des-arts-et-du-feu-12x12.jpg 12w, https:\/\/sylviepotier.com\/wp-content\/uploads\/2024\/10\/1-sylvie-potier-mosaiste-salon-des-arts-et-du-feu-400x400.jpg 400w, https:\/\/sylviepotier.com\/wp-content\/uploads\/2024\/10\/1-sylvie-potier-mosaiste-salon-des-arts-et-du-feu-100x100.jpg 100w\" sizes=\"(max-width: 600px) 100vw, 600px\" \/><\/a>\n\t\t\t\t\t<\/div>\n\t\t\n\t\t\t\n\t\t\t<div class=\"uael-post__content-wrap\">\n\n\t\t\t<span class=\"uael-post__terms\"><a href=\"https:\/\/sylviepotier.com\/en\/category\/show\/\" class=\"uael-listing__terms-link\" id=\"uael-post-term-show\" aria-labelledby=\"uael-post-term-show\">Show<\/a><\/span>\t\t<h3 class=\"uael-post__title\">\n\n\t\t\n\t\t\t\t\t\t<a href=\"https:\/\/sylviepotier.com\/en\/salon-des-arts-et-du-feu-a-martres-tolosane-3\/\" target=\"_self\">\n\t\t\t\tSalon des Arts et du Feu \u00e0 Martres-Tolosane\t\t\t<\/a>\n\n\t\t\t\t<\/h3>\n\t\t<div class=\"uael-post__separator\"><\/div>\n\t\t<div class=\"uael-post__excerpt\">\n\t\t\t<p>Exposition des mosa\u00efques de Sylvie Potier au salon des Arts et du Feu \u00e0 Martres-Tolosane, les 1, 2 et 3 novembre. Nombreux Artisans d&rsquo;Art, d\u00e9monstrations, &#8230;<\/p>\n\t\t<\/div>\n\n\t\t\t\t\t<div class=\"uael-post__meta-data\">\n\t\t\t\t\t<\/div>\n\t\t\t\t\t<a class=\"uael-post__read-more elementor-button\" href=\"https:\/\/sylviepotier.com\/en\/salon-des-arts-et-du-feu-a-martres-tolosane-3\/\" target=\"_self\" aria-labelledby=\"uael-post-4357\">\n\t\t\t\t\t<span class=\"elementor-button-content-wrapper\">\n\t\t\t\t\t\t\t\t\t\t\t\t\t\t<span class=\"elementor-button-icon elementor-align-icon-left\">\n\n\t\t\t\t\t\t\t\t\t\n\t\t\t\t\t\t\t\t<\/span>\n\t\t\t\t\t\t\t\t\t\t\t\t\t\n\t\t\t\t\t\t<span class=\"elementor-button-text\" id=\"uael-post-4357\">Read More<\/span>\n\t\t\t\t\t<\/span>\n\t\t\t\t<\/a>\n\t\t\t\t\t\t<\/div>\n\t\t\t\n\t\t<\/div>\n\t\t\n\t<\/div>\n\n<\/div>\n\n\n<div class=\"uael-post-wrapper  show\">\n\n\t<div class=\"uael-post__bg-wrap\">\n\t\t\n\t\t\n\t\t<div class=\"uael-post__inner-wrap\">\n\n\t\t\t\t<div class=\"uael-post__thumbnail\">\n\t\t\t\n\t\t\t<a href=\"https:\/\/sylviepotier.com\/en\/fragments3-30-novembre-3-decembre-2023-toulouse-2\/\" target=\"_self\" title=\"FRAGMENTS#3 &#8211; 30 NOVEMBRE &gt; 3 D\u00c9CEMBRE 2023 &#8211; TOULOUSE\"><img loading=\"lazy\" decoding=\"async\" width=\"1534\" height=\"1044\" src=\"https:\/\/sylviepotier.com\/wp-content\/uploads\/2023\/10\/salon-fragments-2023-sylvie-potier-mosaique.jpg\" class=\"attachment-full size-full wp-image-4073\" alt=\"\" srcset=\"https:\/\/sylviepotier.com\/wp-content\/uploads\/2023\/10\/salon-fragments-2023-sylvie-potier-mosaique.jpg 1534w, https:\/\/sylviepotier.com\/wp-content\/uploads\/2023\/10\/salon-fragments-2023-sylvie-potier-mosaique-300x204.jpg 300w, https:\/\/sylviepotier.com\/wp-content\/uploads\/2023\/10\/salon-fragments-2023-sylvie-potier-mosaique-1024x697.jpg 1024w, https:\/\/sylviepotier.com\/wp-content\/uploads\/2023\/10\/salon-fragments-2023-sylvie-potier-mosaique-768x523.jpg 768w, https:\/\/sylviepotier.com\/wp-content\/uploads\/2023\/10\/salon-fragments-2023-sylvie-potier-mosaique-18x12.jpg 18w, https:\/\/sylviepotier.com\/wp-content\/uploads\/2023\/10\/salon-fragments-2023-sylvie-potier-mosaique-400x272.jpg 400w, https:\/\/sylviepotier.com\/wp-content\/uploads\/2023\/10\/salon-fragments-2023-sylvie-potier-mosaique-900x613.jpg 900w\" sizes=\"(max-width: 1534px) 100vw, 1534px\" \/><\/a>\n\t\t\t\t\t<\/div>\n\t\t\n\t\t\t\n\t\t\t<div class=\"uael-post__content-wrap\">\n\n\t\t\t<span class=\"uael-post__terms\"><a href=\"https:\/\/sylviepotier.com\/en\/category\/show\/\" class=\"uael-listing__terms-link\" id=\"uael-post-term-show\" aria-labelledby=\"uael-post-term-show\">Show<\/a><\/span>\t\t<h3 class=\"uael-post__title\">\n\n\t\t\n\t\t\t\t\t\t<a href=\"https:\/\/sylviepotier.com\/en\/fragments3-30-novembre-3-decembre-2023-toulouse-2\/\" target=\"_self\">\n\t\t\t\tFRAGMENTS#3 &#8211; 30 NOVEMBRE > 3 D\u00c9CEMBRE 2023 &#8211; TOULOUSE\t\t\t<\/a>\n\n\t\t\t\t<\/h3>\n\t\t<div class=\"uael-post__separator\"><\/div>\n\t\t<div class=\"uael-post__excerpt\">\n\t\t\t<p>Retrouvez Sylvie Potier et ses cr\u00e9ations mosa\u00efques au SALON DES M\u00c9TIERS D&rsquo;ART D&rsquo;OCCITANIE \u00e0 l&rsquo;H\u00f4tel-Dieu Saint-Jacques \u00e0 Toulouse, du 30 novembre au 3 d\u00e9cembre. https:\/\/www.metiersdart-occitanie.com\/fragments\/<\/p>\n\t\t<\/div>\n\n\t\t\t\t\t<div class=\"uael-post__meta-data\">\n\t\t\t\t\t<\/div>\n\t\t\t\t\t<a class=\"uael-post__read-more elementor-button\" href=\"https:\/\/sylviepotier.com\/en\/fragments3-30-novembre-3-decembre-2023-toulouse-2\/\" target=\"_self\" aria-labelledby=\"uael-post-4278\">\n\t\t\t\t\t<span class=\"elementor-button-content-wrapper\">\n\t\t\t\t\t\t\t\t\t\t\t\t\t\t<span class=\"elementor-button-icon elementor-align-icon-left\">\n\n\t\t\t\t\t\t\t\t\t\n\t\t\t\t\t\t\t\t<\/span>\n\t\t\t\t\t\t\t\t\t\t\t\t\t\n\t\t\t\t\t\t<span class=\"elementor-button-text\" id=\"uael-post-4278\">Read More<\/span>\n\t\t\t\t\t<\/span>\n\t\t\t\t<\/a>\n\t\t\t\t\t\t<\/div>\n\t\t\t\n\t\t<\/div>\n\t\t\n\t<\/div>\n\n<\/div>\n\n\n<div class=\"uael-post-wrapper  show\">\n\n\t<div class=\"uael-post__bg-wrap\">\n\t\t\n\t\t\n\t\t<div class=\"uael-post__inner-wrap\">\n\n\t\t\t\t<div class=\"uael-post__thumbnail\">\n\t\t\t\n\t\t\t<a href=\"https:\/\/sylviepotier.com\/en\/salon-des-arts-et-du-feu-a-martres-tolosane\/\" target=\"_self\" title=\"Salon des Arts et du Feu \u00e0 Martres-Tolosane\"><img loading=\"lazy\" decoding=\"async\" width=\"1500\" height=\"1500\" src=\"https:\/\/sylviepotier.com\/wp-content\/uploads\/2023\/10\/22e-salon-art-et-feu-martres-tolosane-2023.jpeg\" class=\"attachment-full size-full wp-image-4030\" alt=\"\" srcset=\"https:\/\/sylviepotier.com\/wp-content\/uploads\/2023\/10\/22e-salon-art-et-feu-martres-tolosane-2023.jpeg 1500w, https:\/\/sylviepotier.com\/wp-content\/uploads\/2023\/10\/22e-salon-art-et-feu-martres-tolosane-2023-300x300.jpeg 300w, https:\/\/sylviepotier.com\/wp-content\/uploads\/2023\/10\/22e-salon-art-et-feu-martres-tolosane-2023-1024x1024.jpeg 1024w, https:\/\/sylviepotier.com\/wp-content\/uploads\/2023\/10\/22e-salon-art-et-feu-martres-tolosane-2023-150x150.jpeg 150w, https:\/\/sylviepotier.com\/wp-content\/uploads\/2023\/10\/22e-salon-art-et-feu-martres-tolosane-2023-768x768.jpeg 768w, https:\/\/sylviepotier.com\/wp-content\/uploads\/2023\/10\/22e-salon-art-et-feu-martres-tolosane-2023-12x12.jpeg 12w, https:\/\/sylviepotier.com\/wp-content\/uploads\/2023\/10\/22e-salon-art-et-feu-martres-tolosane-2023-400x400.jpeg 400w, https:\/\/sylviepotier.com\/wp-content\/uploads\/2023\/10\/22e-salon-art-et-feu-martres-tolosane-2023-900x900.jpeg 900w, https:\/\/sylviepotier.com\/wp-content\/uploads\/2023\/10\/22e-salon-art-et-feu-martres-tolosane-2023-100x100.jpeg 100w\" sizes=\"(max-width: 1500px) 100vw, 1500px\" \/><\/a>\n\t\t\t\t\t<\/div>\n\t\t\n\t\t\t\n\t\t\t<div class=\"uael-post__content-wrap\">\n\n\t\t\t<span class=\"uael-post__terms\"><a href=\"https:\/\/sylviepotier.com\/en\/category\/show\/\" class=\"uael-listing__terms-link\" id=\"uael-post-term-show\" aria-labelledby=\"uael-post-term-show\">Show<\/a><\/span>\t\t<h3 class=\"uael-post__title\">\n\n\t\t\n\t\t\t\t\t\t<a href=\"https:\/\/sylviepotier.com\/en\/salon-des-arts-et-du-feu-a-martres-tolosane\/\" target=\"_self\">\n\t\t\t\tSalon des Arts et du Feu \u00e0 Martres-Tolosane\t\t\t<\/a>\n\n\t\t\t\t<\/h3>\n\t\t<div class=\"uael-post__separator\"><\/div>\n\t\t<div class=\"uael-post__excerpt\">\n\t\t\t<p>Exposition des mosa\u00efques de Sylvie Potier au Salon des Arts et du Feu \u00e0 Martres-Tolosane, les 27, 28, 29 octobre. Nombreux Artisans d&rsquo;Art, d\u00e9monstrations, ateliers, &#8230;<\/p>\n\t\t<\/div>\n\n\t\t\t\t\t<div class=\"uael-post__meta-data\">\n\t\t\t\t\t<\/div>\n\t\t\t\t\t<a class=\"uael-post__read-more elementor-button\" href=\"https:\/\/sylviepotier.com\/en\/salon-des-arts-et-du-feu-a-martres-tolosane\/\" target=\"_self\" aria-labelledby=\"uael-post-4280\">\n\t\t\t\t\t<span class=\"elementor-button-content-wrapper\">\n\t\t\t\t\t\t\t\t\t\t\t\t\t\t<span class=\"elementor-button-icon elementor-align-icon-left\">\n\n\t\t\t\t\t\t\t\t\t\n\t\t\t\t\t\t\t\t<\/span>\n\t\t\t\t\t\t\t\t\t\t\t\t\t\n\t\t\t\t\t\t<span class=\"elementor-button-text\" id=\"uael-post-4280\">Read More<\/span>\n\t\t\t\t\t<\/span>\n\t\t\t\t<\/a>\n\t\t\t\t\t\t<\/div>\n\t\t\t\n\t\t<\/div>\n\t\t\n\t<\/div>\n\n<\/div>\n\n\n<div class=\"uael-post-wrapper  workshop\">\n\n\t<div class=\"uael-post__bg-wrap\">\n\t\t\n\t\t\n\t\t<div class=\"uael-post__inner-wrap\">\n\n\t\t\t\t<div class=\"uael-post__thumbnail\">\n\t\t\t\n\t\t\t<a href=\"https:\/\/sylviepotier.com\/en\/les-grangettes-itinerantes-a-foix\/\" target=\"_self\" title=\"Les Grangettes Itin\u00e9rantes \u00e0 Foix\"><img loading=\"lazy\" decoding=\"async\" width=\"2560\" height=\"1760\" src=\"https:\/\/sylviepotier.com\/wp-content\/uploads\/2023\/06\/les-grangettes-foix-2023-scaled.jpg\" class=\"attachment-full size-full wp-image-3672\" alt=\"\" srcset=\"https:\/\/sylviepotier.com\/wp-content\/uploads\/2023\/06\/les-grangettes-foix-2023-scaled.jpg 2560w, https:\/\/sylviepotier.com\/wp-content\/uploads\/2023\/06\/les-grangettes-foix-2023-300x206.jpg 300w, https:\/\/sylviepotier.com\/wp-content\/uploads\/2023\/06\/les-grangettes-foix-2023-1024x704.jpg 1024w, https:\/\/sylviepotier.com\/wp-content\/uploads\/2023\/06\/les-grangettes-foix-2023-768x528.jpg 768w, https:\/\/sylviepotier.com\/wp-content\/uploads\/2023\/06\/les-grangettes-foix-2023-1536x1056.jpg 1536w, https:\/\/sylviepotier.com\/wp-content\/uploads\/2023\/06\/les-grangettes-foix-2023-2048x1408.jpg 2048w, https:\/\/sylviepotier.com\/wp-content\/uploads\/2023\/06\/les-grangettes-foix-2023-18x12.jpg 18w, https:\/\/sylviepotier.com\/wp-content\/uploads\/2023\/06\/les-grangettes-foix-2023-400x275.jpg 400w, https:\/\/sylviepotier.com\/wp-content\/uploads\/2023\/06\/les-grangettes-foix-2023-900x619.jpg 900w\" sizes=\"(max-width: 2560px) 100vw, 2560px\" \/><\/a>\n\t\t\t\t\t<\/div>\n\t\t\n\t\t\t\n\t\t\t<div class=\"uael-post__content-wrap\">\n\n\t\t\t<span class=\"uael-post__terms\"><a href=\"https:\/\/sylviepotier.com\/en\/category\/workshop\/\" class=\"uael-listing__terms-link\" id=\"uael-post-term-workshop\" aria-labelledby=\"uael-post-term-workshop\">Workshop<\/a><\/span>\t\t<h3 class=\"uael-post__title\">\n\n\t\t\n\t\t\t\t\t\t<a href=\"https:\/\/sylviepotier.com\/en\/les-grangettes-itinerantes-a-foix\/\" target=\"_self\">\n\t\t\t\tLes Grangettes Itin\u00e9rantes \u00e0 Foix\t\t\t<\/a>\n\n\t\t\t\t<\/h3>\n\t\t<div class=\"uael-post__separator\"><\/div>\n\t\t<div class=\"uael-post__excerpt\">\n\t\t\t<p>Atelier d\u00e9couverte de la mosa\u00efque report\u00e9 le dimanche 16 juillet de 10h \u00e0 16h, pour un apprentissage&nbsp;de 1 \u00e0 2 heures devant la boutique La &#8230;<\/p>\n\t\t<\/div>\n\n\t\t\t\t\t<div class=\"uael-post__meta-data\">\n\t\t\t\t\t<\/div>\n\t\t\t\t\t<a class=\"uael-post__read-more elementor-button\" href=\"https:\/\/sylviepotier.com\/en\/les-grangettes-itinerantes-a-foix\/\" target=\"_self\" aria-labelledby=\"uael-post-4282\">\n\t\t\t\t\t<span class=\"elementor-button-content-wrapper\">\n\t\t\t\t\t\t\t\t\t\t\t\t\t\t<span class=\"elementor-button-icon elementor-align-icon-left\">\n\n\t\t\t\t\t\t\t\t\t\n\t\t\t\t\t\t\t\t<\/span>\n\t\t\t\t\t\t\t\t\t\t\t\t\t\n\t\t\t\t\t\t<span class=\"elementor-button-text\" id=\"uael-post-4282\">Read More<\/span>\n\t\t\t\t\t<\/span>\n\t\t\t\t<\/a>\n\t\t\t\t\t\t<\/div>\n\t\t\t\n\t\t<\/div>\n\t\t\n\t<\/div>\n\n<\/div>\n\n\n<div class=\"uael-post-wrapper  media\">\n\n\t<div class=\"uael-post__bg-wrap\">\n\t\t\n\t\t\n\t\t<div class=\"uael-post__inner-wrap\">\n\n\t\t\t\t<div class=\"uael-post__thumbnail\">\n\t\t\t\n\t\t\t<a href=\"https:\/\/sylviepotier.com\/en\/parution-dans-le-magazine-ma-maison-2023\/\" target=\"_self\" title=\"Parution dans le magazine Ma Maison 2023\"><img loading=\"lazy\" decoding=\"async\" width=\"1800\" height=\"1200\" src=\"https:\/\/sylviepotier.com\/wp-content\/uploads\/2023\/03\/ma-maison-magazine-sylvie-potier-mosaiste.jpg\" class=\"attachment-full size-full wp-image-3252\" alt=\"\" srcset=\"https:\/\/sylviepotier.com\/wp-content\/uploads\/2023\/03\/ma-maison-magazine-sylvie-potier-mosaiste.jpg 1800w, https:\/\/sylviepotier.com\/wp-content\/uploads\/2023\/03\/ma-maison-magazine-sylvie-potier-mosaiste-300x200.jpg 300w, https:\/\/sylviepotier.com\/wp-content\/uploads\/2023\/03\/ma-maison-magazine-sylvie-potier-mosaiste-1024x683.jpg 1024w, https:\/\/sylviepotier.com\/wp-content\/uploads\/2023\/03\/ma-maison-magazine-sylvie-potier-mosaiste-768x512.jpg 768w, https:\/\/sylviepotier.com\/wp-content\/uploads\/2023\/03\/ma-maison-magazine-sylvie-potier-mosaiste-1536x1024.jpg 1536w, https:\/\/sylviepotier.com\/wp-content\/uploads\/2023\/03\/ma-maison-magazine-sylvie-potier-mosaiste-18x12.jpg 18w, https:\/\/sylviepotier.com\/wp-content\/uploads\/2023\/03\/ma-maison-magazine-sylvie-potier-mosaiste-400x267.jpg 400w, https:\/\/sylviepotier.com\/wp-content\/uploads\/2023\/03\/ma-maison-magazine-sylvie-potier-mosaiste-900x600.jpg 900w\" sizes=\"(max-width: 1800px) 100vw, 1800px\" \/><\/a>\n\t\t\t\t\t<\/div>\n\t\t\n\t\t\t\n\t\t\t<div class=\"uael-post__content-wrap\">\n\n\t\t\t<span class=\"uael-post__terms\"><a href=\"https:\/\/sylviepotier.com\/en\/category\/media\/\" class=\"uael-listing__terms-link\" id=\"uael-post-term-media\" aria-labelledby=\"uael-post-term-media\">Media<\/a><\/span>\t\t<h3 class=\"uael-post__title\">\n\n\t\t\n\t\t\t\t\t\t<a href=\"https:\/\/sylviepotier.com\/en\/parution-dans-le-magazine-ma-maison-2023\/\" target=\"_self\">\n\t\t\t\tParution dans le magazine Ma Maison 2023\t\t\t<\/a>\n\n\t\t\t\t<\/h3>\n\t\t<div class=\"uael-post__separator\"><\/div>\n\t\t<div class=\"uael-post__excerpt\">\n\t\t\t<p>\u201c Mon p\u00e8re, J\u00e9r\u00f4me Potier \u00e9tait c\u00e9ramiste, j\u2019ai \u00e9t\u00e9 d\u00e8s mon plus jeune \u00e2ge sensibilis\u00e9e au m\u00e9tier d\u2019art, fascin\u00e9e par les couleurs des \u00e9maux de &#8230;<\/p>\n\t\t<\/div>\n\n\t\t\t\t\t<div class=\"uael-post__meta-data\">\n\t\t\t\t\t<\/div>\n\t\t\t\t\t<a class=\"uael-post__read-more elementor-button\" href=\"https:\/\/sylviepotier.com\/en\/parution-dans-le-magazine-ma-maison-2023\/\" target=\"_self\" aria-labelledby=\"uael-post-4284\">\n\t\t\t\t\t<span class=\"elementor-button-content-wrapper\">\n\t\t\t\t\t\t\t\t\t\t\t\t\t\t<span class=\"elementor-button-icon elementor-align-icon-left\">\n\n\t\t\t\t\t\t\t\t\t\n\t\t\t\t\t\t\t\t<\/span>\n\t\t\t\t\t\t\t\t\t\t\t\t\t\n\t\t\t\t\t\t<span class=\"elementor-button-text\" id=\"uael-post-4284\">Read More<\/span>\n\t\t\t\t\t<\/span>\n\t\t\t\t<\/a>\n\t\t\t\t\t\t<\/div>\n\t\t\t\n\t\t<\/div>\n\t\t\n\t<\/div>\n\n<\/div>\n\n\n<div class=\"uael-post-wrapper  workshop\">\n\n\t<div class=\"uael-post__bg-wrap\">\n\t\t\n\t\t\n\t\t<div class=\"uael-post__inner-wrap\">\n\n\t\t\t\t<div class=\"uael-post__thumbnail\">\n\t\t\t\n\t\t\t<a href=\"https:\/\/sylviepotier.com\/en\/projet-pyrene-au-lycee-martin-malvy-a-cazeres-sur-garonne-2\/\" target=\"_self\" title=\"Projet Pyr\u00e8ne au Lyc\u00e9e Martin Malvy \u00e0 Caz\u00e8res sur Garonne\"><img loading=\"lazy\" decoding=\"async\" width=\"885\" height=\"500\" src=\"https:\/\/sylviepotier.com\/wp-content\/uploads\/2023\/03\/fresque-pyrene-la-depeche.jpg\" class=\"attachment-full size-full wp-image-3291\" alt=\"\" srcset=\"https:\/\/sylviepotier.com\/wp-content\/uploads\/2023\/03\/fresque-pyrene-la-depeche.jpg 885w, https:\/\/sylviepotier.com\/wp-content\/uploads\/2023\/03\/fresque-pyrene-la-depeche-300x169.jpg 300w, https:\/\/sylviepotier.com\/wp-content\/uploads\/2023\/03\/fresque-pyrene-la-depeche-768x434.jpg 768w, https:\/\/sylviepotier.com\/wp-content\/uploads\/2023\/03\/fresque-pyrene-la-depeche-18x10.jpg 18w, https:\/\/sylviepotier.com\/wp-content\/uploads\/2023\/03\/fresque-pyrene-la-depeche-400x226.jpg 400w\" sizes=\"(max-width: 885px) 100vw, 885px\" \/><\/a>\n\t\t\t\t\t<\/div>\n\t\t\n\t\t\t\n\t\t\t<div class=\"uael-post__content-wrap\">\n\n\t\t\t<span class=\"uael-post__terms\"><a href=\"https:\/\/sylviepotier.com\/en\/category\/workshop\/\" class=\"uael-listing__terms-link\" id=\"uael-post-term-workshop\" aria-labelledby=\"uael-post-term-workshop\">Workshop<\/a><\/span>\t\t<h3 class=\"uael-post__title\">\n\n\t\t\n\t\t\t\t\t\t<a href=\"https:\/\/sylviepotier.com\/en\/projet-pyrene-au-lycee-martin-malvy-a-cazeres-sur-garonne-2\/\" target=\"_self\">\n\t\t\t\tProjet Pyr\u00e8ne au Lyc\u00e9e Martin Malvy \u00e0 Caz\u00e8res sur Garonne\t\t\t<\/a>\n\n\t\t\t\t<\/h3>\n\t\t<div class=\"uael-post__separator\"><\/div>\n\t\t<div class=\"uael-post__excerpt\">\n\t\t\t<p>De octobre 2021 \u00e0 D\u00e9cembre 2022, le projet Pyr\u00e8ne en partenariat avec la Maison Garonne&nbsp;et le Lyc\u00e9e Martin Malvy \u00e0 Cazeres sur Garonne, est un &#8230;<\/p>\n\t\t<\/div>\n\n\t\t\t\t\t<div class=\"uael-post__meta-data\">\n\t\t\t\t\t<\/div>\n\t\t\t\t\t<a class=\"uael-post__read-more elementor-button\" href=\"https:\/\/sylviepotier.com\/en\/projet-pyrene-au-lycee-martin-malvy-a-cazeres-sur-garonne-2\/\" target=\"_self\" aria-labelledby=\"uael-post-4286\">\n\t\t\t\t\t<span class=\"elementor-button-content-wrapper\">\n\t\t\t\t\t\t\t\t\t\t\t\t\t\t<span class=\"elementor-button-icon elementor-align-icon-left\">\n\n\t\t\t\t\t\t\t\t\t\n\t\t\t\t\t\t\t\t<\/span>\n\t\t\t\t\t\t\t\t\t\t\t\t\t\n\t\t\t\t\t\t<span class=\"elementor-button-text\" id=\"uael-post-4286\">Read More<\/span>\n\t\t\t\t\t<\/span>\n\t\t\t\t<\/a>\n\t\t\t\t\t\t<\/div>\n\t\t\t\n\t\t<\/div>\n\t\t\n\t<\/div>\n\n<\/div>\n\n\n<div class=\"uael-post-wrapper  show\">\n\n\t<div class=\"uael-post__bg-wrap\">\n\t\t\n\t\t\n\t\t<div class=\"uael-post__inner-wrap\">\n\n\t\t\t\t<div class=\"uael-post__thumbnail\">\n\t\t\t\n\t\t\t<a href=\"https:\/\/sylviepotier.com\/en\/meet-salon-des-artisans-dart-decembre-2021-2\/\" target=\"_self\" title=\"MEET salon des artisans d\u2019art d\u00e9cembre 2021\"><img loading=\"lazy\" decoding=\"async\" width=\"781\" height=\"600\" src=\"https:\/\/sylviepotier.com\/wp-content\/uploads\/2022\/01\/meet-stand-occitanie-1.jpg\" class=\"attachment-full size-full wp-image-2787\" alt=\"\" srcset=\"https:\/\/sylviepotier.com\/wp-content\/uploads\/2022\/01\/meet-stand-occitanie-1.jpg 781w, https:\/\/sylviepotier.com\/wp-content\/uploads\/2022\/01\/meet-stand-occitanie-1-300x230.jpg 300w, https:\/\/sylviepotier.com\/wp-content\/uploads\/2022\/01\/meet-stand-occitanie-1-768x590.jpg 768w, https:\/\/sylviepotier.com\/wp-content\/uploads\/2022\/01\/meet-stand-occitanie-1-16x12.jpg 16w, https:\/\/sylviepotier.com\/wp-content\/uploads\/2022\/01\/meet-stand-occitanie-1-400x307.jpg 400w\" sizes=\"(max-width: 781px) 100vw, 781px\" \/><\/a>\n\t\t\t\t\t<\/div>\n\t\t\n\t\t\t\n\t\t\t<div class=\"uael-post__content-wrap\">\n\n\t\t\t<span class=\"uael-post__terms\"><a href=\"https:\/\/sylviepotier.com\/en\/category\/show\/\" class=\"uael-listing__terms-link\" id=\"uael-post-term-show\" aria-labelledby=\"uael-post-term-show\">Show<\/a><\/span>\t\t<h3 class=\"uael-post__title\">\n\n\t\t\n\t\t\t\t\t\t<a href=\"https:\/\/sylviepotier.com\/en\/meet-salon-des-artisans-dart-decembre-2021-2\/\" target=\"_self\">\n\t\t\t\tMEET salon des artisans d\u2019art d\u00e9cembre 2021\t\t\t<\/a>\n\n\t\t\t\t<\/h3>\n\t\t<div class=\"uael-post__separator\"><\/div>\n\t\t<div class=\"uael-post__excerpt\">\n\t\t\t<p>Stand Occitanie. D\u00e9monstration du m\u00e9tier de mosa\u00efste.<\/p>\n\t\t<\/div>\n\n\t\t\t\t\t<div class=\"uael-post__meta-data\">\n\t\t\t\t\t<\/div>\n\t\t\t\t\t<a class=\"uael-post__read-more elementor-button\" href=\"https:\/\/sylviepotier.com\/en\/meet-salon-des-artisans-dart-decembre-2021-2\/\" target=\"_self\" aria-labelledby=\"uael-post-4288\">\n\t\t\t\t\t<span class=\"elementor-button-content-wrapper\">\n\t\t\t\t\t\t\t\t\t\t\t\t\t\t<span class=\"elementor-button-icon elementor-align-icon-left\">\n\n\t\t\t\t\t\t\t\t\t\n\t\t\t\t\t\t\t\t<\/span>\n\t\t\t\t\t\t\t\t\t\t\t\t\t\n\t\t\t\t\t\t<span class=\"elementor-button-text\" id=\"uael-post-4288\">Read More<\/span>\n\t\t\t\t\t<\/span>\n\t\t\t\t<\/a>\n\t\t\t\t\t\t<\/div>\n\t\t\t\n\t\t<\/div>\n\t\t\n\t<\/div>\n\n<\/div>\n\n\n<div class=\"uael-post-wrapper  show\">\n\n\t<div class=\"uael-post__bg-wrap\">\n\t\t\n\t\t\n\t\t<div class=\"uael-post__inner-wrap\">\n\n\t\t\t\t<div class=\"uael-post__thumbnail\">\n\t\t\t\n\t\t\t<a href=\"https:\/\/sylviepotier.com\/en\/fragments-1-19-21-novembre-2021-toulouse-2\/\" target=\"_self\" title=\"FRAGMENTS #1 &#8211; 19 \u203a 21 NOVEMBRE 2021 &#8211; TOULOUSE\"><img loading=\"lazy\" decoding=\"async\" width=\"851\" height=\"315\" src=\"https:\/\/sylviepotier.com\/wp-content\/uploads\/2022\/01\/invitation-Salon-Fragment.jpg\" class=\"attachment-full size-full wp-image-2769\" alt=\"\" srcset=\"https:\/\/sylviepotier.com\/wp-content\/uploads\/2022\/01\/invitation-Salon-Fragment.jpg 851w, https:\/\/sylviepotier.com\/wp-content\/uploads\/2022\/01\/invitation-Salon-Fragment-300x111.jpg 300w, https:\/\/sylviepotier.com\/wp-content\/uploads\/2022\/01\/invitation-Salon-Fragment-768x284.jpg 768w, https:\/\/sylviepotier.com\/wp-content\/uploads\/2022\/01\/invitation-Salon-Fragment-16x6.jpg 16w, https:\/\/sylviepotier.com\/wp-content\/uploads\/2022\/01\/invitation-Salon-Fragment-400x148.jpg 400w\" sizes=\"(max-width: 851px) 100vw, 851px\" \/><\/a>\n\t\t\t\t\t<\/div>\n\t\t\n\t\t\t\n\t\t\t<div class=\"uael-post__content-wrap\">\n\n\t\t\t<span class=\"uael-post__terms\"><a href=\"https:\/\/sylviepotier.com\/en\/category\/show\/\" class=\"uael-listing__terms-link\" id=\"uael-post-term-show\" aria-labelledby=\"uael-post-term-show\">Show<\/a><\/span>\t\t<h3 class=\"uael-post__title\">\n\n\t\t\n\t\t\t\t\t\t<a href=\"https:\/\/sylviepotier.com\/en\/fragments-1-19-21-novembre-2021-toulouse-2\/\" target=\"_self\">\n\t\t\t\tFRAGMENTS #1 &#8211; 19 \u203a 21 NOVEMBRE 2021 &#8211; TOULOUSE\t\t\t<\/a>\n\n\t\t\t\t<\/h3>\n\t\t<div class=\"uael-post__separator\"><\/div>\n\t\t<div class=\"uael-post__excerpt\">\n\t\t\t<p>Retrouvez Sylvie Potier et ses cr\u00e9ations mosa\u00efques au SALON DES M\u00c9TIERS D&rsquo;ART D&rsquo;OCCITANIE \u00e0 La Cit\u00e9 \u00e0 Toulouse, du 19 au 21 Novembre 2021. Vous &#8230;<\/p>\n\t\t<\/div>\n\n\t\t\t\t\t<div class=\"uael-post__meta-data\">\n\t\t\t\t\t<\/div>\n\t\t\t\t\t<a class=\"uael-post__read-more elementor-button\" href=\"https:\/\/sylviepotier.com\/en\/fragments-1-19-21-novembre-2021-toulouse-2\/\" target=\"_self\" aria-labelledby=\"uael-post-4290\">\n\t\t\t\t\t<span class=\"elementor-button-content-wrapper\">\n\t\t\t\t\t\t\t\t\t\t\t\t\t\t<span class=\"elementor-button-icon elementor-align-icon-left\">\n\n\t\t\t\t\t\t\t\t\t\n\t\t\t\t\t\t\t\t<\/span>\n\t\t\t\t\t\t\t\t\t\t\t\t\t\n\t\t\t\t\t\t<span class=\"elementor-button-text\" id=\"uael-post-4290\">Read More<\/span>\n\t\t\t\t\t<\/span>\n\t\t\t\t<\/a>\n\t\t\t\t\t\t<\/div>\n\t\t\t\n\t\t<\/div>\n\t\t\n\t<\/div>\n\n<\/div>\n\n\n<div class=\"uael-post-wrapper  show\">\n\n\t<div class=\"uael-post__bg-wrap\">\n\t\t\n\t\t\n\t\t<div class=\"uael-post__inner-wrap\">\n\n\t\t\t\t<div class=\"uael-post__thumbnail\">\n\t\t\t\n\t\t\t<a href=\"https:\/\/sylviepotier.com\/en\/foire-artisanale-virtuelle-du-13-au-17-avril-2021-2\/\" target=\"_self\" title=\"Foire Artisanale virtuelle &#8211; Du 13 au 17 avril 2021\"><img loading=\"lazy\" decoding=\"async\" width=\"1181\" height=\"984\" src=\"https:\/\/sylviepotier.com\/wp-content\/uploads\/2021\/04\/Fira-virtual-coopArt-13-au-17-avril-2021.jpg\" class=\"attachment-full size-full wp-image-1782\" alt=\"\" srcset=\"https:\/\/sylviepotier.com\/wp-content\/uploads\/2021\/04\/Fira-virtual-coopArt-13-au-17-avril-2021.jpg 1181w, https:\/\/sylviepotier.com\/wp-content\/uploads\/2021\/04\/Fira-virtual-coopArt-13-au-17-avril-2021-300x250.jpg 300w, https:\/\/sylviepotier.com\/wp-content\/uploads\/2021\/04\/Fira-virtual-coopArt-13-au-17-avril-2021-1024x853.jpg 1024w, https:\/\/sylviepotier.com\/wp-content\/uploads\/2021\/04\/Fira-virtual-coopArt-13-au-17-avril-2021-768x640.jpg 768w, https:\/\/sylviepotier.com\/wp-content\/uploads\/2021\/04\/Fira-virtual-coopArt-13-au-17-avril-2021-400x333.jpg 400w, https:\/\/sylviepotier.com\/wp-content\/uploads\/2021\/04\/Fira-virtual-coopArt-13-au-17-avril-2021-900x750.jpg 900w\" sizes=\"(max-width: 1181px) 100vw, 1181px\" \/><\/a>\n\t\t\t\t\t<\/div>\n\t\t\n\t\t\t\n\t\t\t<div class=\"uael-post__content-wrap\">\n\n\t\t\t<span class=\"uael-post__terms\"><a href=\"https:\/\/sylviepotier.com\/en\/category\/show\/\" class=\"uael-listing__terms-link\" id=\"uael-post-term-show\" aria-labelledby=\"uael-post-term-show\">Show<\/a><\/span>\t\t<h3 class=\"uael-post__title\">\n\n\t\t\n\t\t\t\t\t\t<a href=\"https:\/\/sylviepotier.com\/en\/foire-artisanale-virtuelle-du-13-au-17-avril-2021-2\/\" target=\"_self\">\n\t\t\t\tFoire Artisanale virtuelle &#8211; Du 13 au 17 avril 2021\t\t\t<\/a>\n\n\t\t\t\t<\/h3>\n\t\t<div class=\"uael-post__separator\"><\/div>\n\t\t<div class=\"uael-post__excerpt\">\n\t\t\t<p>AVRIL 2021. Du 13 au 17 avril. Foire Artisanale virtuelle. Projet transpyr\u00e9n\u00e9en coop\u2019Art , rencontre avec l\u2019artisanat d\u2019art en Catalogne et&nbsp;Occitanie. Rencontrez nous sur un &#8230;<\/p>\n\t\t<\/div>\n\n\t\t\t\t\t<div class=\"uael-post__meta-data\">\n\t\t\t\t\t<\/div>\n\t\t\t\t\t<a class=\"uael-post__read-more elementor-button\" href=\"https:\/\/sylviepotier.com\/en\/foire-artisanale-virtuelle-du-13-au-17-avril-2021-2\/\" target=\"_self\" aria-labelledby=\"uael-post-4276\">\n\t\t\t\t\t<span class=\"elementor-button-content-wrapper\">\n\t\t\t\t\t\t\t\t\t\t\t\t\t\t<span class=\"elementor-button-icon elementor-align-icon-left\">\n\n\t\t\t\t\t\t\t\t\t\n\t\t\t\t\t\t\t\t<\/span>\n\t\t\t\t\t\t\t\t\t\t\t\t\t\n\t\t\t\t\t\t<span class=\"elementor-button-text\" id=\"uael-post-4276\">Read More<\/span>\n\t\t\t\t\t<\/span>\n\t\t\t\t<\/a>\n\t\t\t\t\t\t<\/div>\n\t\t\t\n\t\t<\/div>\n\t\t\n\t<\/div>\n\n<\/div>\n\t\t\t\t<\/div>\n\t\t\t\t\t\t<div class=\"uael-post-inf-loader\">\n\t\t\t\t<div class=\"uael-post-loader-1\"><\/div>\n\t\t\t\t<div class=\"uael-post-loader-2\"><\/div>\n\t\t\t\t<div class=\"uael-post-loader-3\"><\/div>\n\t\t\t<\/div>\n\t\t\t\t\t\t\n\t\t<\/div>\n\n\t\t\t\t\t\t<\/div>\n\t\t<div class=\"uael-post__footer\">\n\t\t\t\t\t\t<nav class=\"uael-grid-pagination\" style=\"display:none;\" role=\"navigation\" aria-label=\"Pagination\" data-total=\"2\" data-next-page=\"2\">\n\t\t\t\t\n\t\t\t<\/nav>\n\n\t\t\t\t\t<\/div>\n\t\t\t\t\t\t<\/div>\n\t\t\t\t<\/div>\n\t\t\t\t\t<\/div>\n\t\t<\/div>\n\t\t\t\t\t<\/div>\n\t\t<\/section>\n\t\t\t\t<\/div>","protected":false},"excerpt":{"rendered":"<p>Events and exhibitions All events and exhibitions featuring Sylvie Potier. Salon FRAGMENTS#3 &#8211; 30 NOVEMBRE > 3 D\u00c9CEMBRE 2023 &#8211; TOULOUSE Retrouvez Sylvie Potier et ses cr\u00e9ations mosa\u00efques au SALON DES M\u00c9TIERS D&rsquo;ART D&rsquo;OCCITANIE \u00e0 l&rsquo;H\u00f4tel-Dieu Saint-Jacques \u00e0 Toulouse, du 30 novembre au 3 d\u00e9cembre. https:\/\/www.metiersdart-occitanie.com\/fragments\/ Lire la suite \u2192 Salon Salon des Arts et [&hellip;]<\/p>","protected":false},"author":2,"featured_media":0,"parent":0,"menu_order":0,"comment_status":"closed","ping_status":"closed","template":"","meta":{"site-sidebar-layout":"no-sidebar","site-content-layout":"page-builder","ast-site-content-layout":"default","site-content-style":"default","site-sidebar-style":"default","ast-global-header-display":"","ast-banner-title-visibility":"","ast-main-header-display":"","ast-hfb-above-header-display":"","ast-hfb-below-header-display":"","ast-hfb-mobile-header-display":"","site-post-title":"disabled","ast-breadcrumbs-content":"","ast-featured-img":"disabled","footer-sml-layout":"","theme-transparent-header-meta":"","adv-header-id-meta":"","stick-header-meta":"","header-above-stick-meta":"","header-main-stick-meta":"","header-below-stick-meta":"","astra-migrate-meta-layouts":"default","ast-page-background-enabled":"default","ast-page-background-meta":{"desktop":{"background-color":"","background-image":"","background-repeat":"repeat","background-position":"center center","background-size":"auto","background-attachment":"scroll","background-type":"","background-media":"","overlay-type":"","overlay-color":"","overlay-opacity":"","overlay-gradient":""},"tablet":{"background-color":"","background-image":"","background-repeat":"repeat","background-position":"center center","background-size":"auto","background-attachment":"scroll","background-type":"","background-media":"","overlay-type":"","overlay-color":"","overlay-opacity":"","overlay-gradient":""},"mobile":{"background-color":"","background-image":"","background-repeat":"repeat","background-position":"center center","background-size":"auto","background-attachment":"scroll","background-type":"","background-media":"","overlay-type":"","overlay-color":"","overlay-opacity":"","overlay-gradient":""}},"ast-content-background-meta":{"desktop":{"background-color":"var(--ast-global-color-5)","background-image":"","background-repeat":"repeat","background-position":"center center","background-size":"auto","background-attachment":"scroll","background-type":"","background-media":"","overlay-type":"","overlay-color":"","overlay-opacity":"","overlay-gradient":""},"tablet":{"background-color":"var(--ast-global-color-5)","background-image":"","background-repeat":"repeat","background-position":"center center","background-size":"auto","background-attachment":"scroll","background-type":"","background-media":"","overlay-type":"","overlay-color":"","overlay-opacity":"","overlay-gradient":""},"mobile":{"background-color":"var(--ast-global-color-5)","background-image":"","background-repeat":"repeat","background-position":"center center","background-size":"auto","background-attachment":"scroll","background-type":"","background-media":"","overlay-type":"","overlay-color":"","overlay-opacity":"","overlay-gradient":""}},"footnotes":""},"class_list":["post-2147","page","type-page","status-publish","hentry"],"yoast_head":"<!-- This site is optimized with the Yoast SEO plugin v26.0 - https:\/\/yoast.com\/wordpress\/plugins\/seo\/ -->\n<title>Exhibitions and events - Sylvie Potier Mosaic<\/title>\n<meta name=\"description\" content=\"Find all the events in which Sylvie Potier participates.\" \/>\n<meta name=\"robots\" content=\"index, follow, max-snippet:-1, max-image-preview:large, max-video-preview:-1\" \/>\n<link rel=\"canonical\" href=\"https:\/\/sylviepotier.com\/en\/events-and-exhibitions\/\" \/>\n<meta property=\"og:locale\" content=\"en_GB\" \/>\n<meta property=\"og:type\" content=\"article\" \/>\n<meta property=\"og:title\" content=\"Exhibitions and events - Sylvie Potier Mosaic\" \/>\n<meta property=\"og:description\" content=\"Find all the events in which Sylvie Potier participates.\" \/>\n<meta property=\"og:url\" content=\"https:\/\/sylviepotier.com\/en\/events-and-exhibitions\/\" \/>\n<meta property=\"og:site_name\" content=\"Sylvie Potier Mosaic\" \/>\n<meta property=\"article:modified_time\" content=\"2024-05-07T20:26:49+00:00\" \/>\n<meta property=\"og:image\" content=\"https:\/\/sylviepotier.com\/wp-content\/uploads\/2023\/10\/salon-fragments-2023-sylvie-potier-mosaique.jpg\" \/>\n<meta name=\"twitter:card\" content=\"summary_large_image\" \/>\n<meta name=\"twitter:label1\" content=\"Estimated reading time\" \/>\n\t<meta name=\"twitter:data1\" content=\"4 minutes\" \/>\n<script type=\"application\/ld+json\" class=\"yoast-schema-graph\">{\"@context\":\"https:\/\/schema.org\",\"@graph\":[{\"@type\":\"WebPage\",\"@id\":\"https:\/\/sylviepotier.com\/en\/events-and-exhibitions\/\",\"url\":\"https:\/\/sylviepotier.com\/en\/events-and-exhibitions\/\",\"name\":\"Exhibitions and events - Sylvie Potier Mosaic\",\"isPartOf\":{\"@id\":\"https:\/\/sylviepotier.com\/en\/#website\"},\"primaryImageOfPage\":{\"@id\":\"https:\/\/sylviepotier.com\/en\/events-and-exhibitions\/#primaryimage\"},\"image\":{\"@id\":\"https:\/\/sylviepotier.com\/en\/events-and-exhibitions\/#primaryimage\"},\"thumbnailUrl\":\"https:\/\/sylviepotier.com\/wp-content\/uploads\/2023\/10\/salon-fragments-2023-sylvie-potier-mosaique.jpg\",\"datePublished\":\"2021-04-19T16:58:39+00:00\",\"dateModified\":\"2024-05-07T20:26:49+00:00\",\"description\":\"Find all the events in which Sylvie Potier participates.\",\"breadcrumb\":{\"@id\":\"https:\/\/sylviepotier.com\/en\/events-and-exhibitions\/#breadcrumb\"},\"inLanguage\":\"en-GB\",\"potentialAction\":[{\"@type\":\"ReadAction\",\"target\":[\"https:\/\/sylviepotier.com\/en\/events-and-exhibitions\/\"]}]},{\"@type\":\"ImageObject\",\"inLanguage\":\"en-GB\",\"@id\":\"https:\/\/sylviepotier.com\/en\/events-and-exhibitions\/#primaryimage\",\"url\":\"https:\/\/sylviepotier.com\/wp-content\/uploads\/2023\/10\/salon-fragments-2023-sylvie-potier-mosaique.jpg\",\"contentUrl\":\"https:\/\/sylviepotier.com\/wp-content\/uploads\/2023\/10\/salon-fragments-2023-sylvie-potier-mosaique.jpg\"},{\"@type\":\"BreadcrumbList\",\"@id\":\"https:\/\/sylviepotier.com\/en\/events-and-exhibitions\/#breadcrumb\",\"itemListElement\":[{\"@type\":\"ListItem\",\"position\":1,\"name\":\"Accueil\",\"item\":\"https:\/\/sylviepotier.com\/en\/home\/\"},{\"@type\":\"ListItem\",\"position\":2,\"name\":\"Events and exhibitions\"}]},{\"@type\":\"WebSite\",\"@id\":\"https:\/\/sylviepotier.com\/en\/#website\",\"url\":\"https:\/\/sylviepotier.com\/en\/\",\"name\":\"Sylvie Potier Mosaic\",\"description\":\"Ma\u00eetre Artisan Mosa\u00efste\",\"publisher\":{\"@id\":\"https:\/\/sylviepotier.com\/en\/#organization\"},\"potentialAction\":[{\"@type\":\"SearchAction\",\"target\":{\"@type\":\"EntryPoint\",\"urlTemplate\":\"https:\/\/sylviepotier.com\/en\/?s={search_term_string}\"},\"query-input\":{\"@type\":\"PropertyValueSpecification\",\"valueRequired\":true,\"valueName\":\"search_term_string\"}}],\"inLanguage\":\"en-GB\"},{\"@type\":\"Organization\",\"@id\":\"https:\/\/sylviepotier.com\/en\/#organization\",\"name\":\"Sylvie Potier Mosaic\",\"url\":\"https:\/\/sylviepotier.com\/en\/\",\"logo\":{\"@type\":\"ImageObject\",\"inLanguage\":\"en-GB\",\"@id\":\"https:\/\/sylviepotier.com\/en\/#\/schema\/logo\/image\/\",\"url\":\"https:\/\/sylviepotier.com\/wp-content\/uploads\/2021\/04\/logo-sylvie-potier-mosaique-artisan-mosaiste-280.png\",\"contentUrl\":\"https:\/\/sylviepotier.com\/wp-content\/uploads\/2021\/04\/logo-sylvie-potier-mosaique-artisan-mosaiste-280.png\",\"width\":280,\"height\":92,\"caption\":\"Sylvie Potier Mosaic\"},\"image\":{\"@id\":\"https:\/\/sylviepotier.com\/en\/#\/schema\/logo\/image\/\"}}]}<\/script>\n<!-- \/ Yoast SEO plugin. -->","yoast_head_json":{"title":"Exhibitions and events - Sylvie Potier Mosaic","description":"Find all the events in which Sylvie Potier participates.","robots":{"index":"index","follow":"follow","max-snippet":"max-snippet:-1","max-image-preview":"max-image-preview:large","max-video-preview":"max-video-preview:-1"},"canonical":"https:\/\/sylviepotier.com\/en\/events-and-exhibitions\/","og_locale":"en_GB","og_type":"article","og_title":"Exhibitions and events - Sylvie Potier Mosaic","og_description":"Find all the events in which Sylvie Potier participates.","og_url":"https:\/\/sylviepotier.com\/en\/events-and-exhibitions\/","og_site_name":"Sylvie Potier Mosaic","article_modified_time":"2024-05-07T20:26:49+00:00","og_image":[{"url":"https:\/\/sylviepotier.com\/wp-content\/uploads\/2023\/10\/salon-fragments-2023-sylvie-potier-mosaique.jpg","type":"","width":"","height":""}],"twitter_card":"summary_large_image","twitter_misc":{"Estimated reading time":"4 minutes"},"schema":{"@context":"https:\/\/schema.org","@graph":[{"@type":"WebPage","@id":"https:\/\/sylviepotier.com\/en\/events-and-exhibitions\/","url":"https:\/\/sylviepotier.com\/en\/events-and-exhibitions\/","name":"Exhibitions and events - Sylvie Potier Mosaic","isPartOf":{"@id":"https:\/\/sylviepotier.com\/en\/#website"},"primaryImageOfPage":{"@id":"https:\/\/sylviepotier.com\/en\/events-and-exhibitions\/#primaryimage"},"image":{"@id":"https:\/\/sylviepotier.com\/en\/events-and-exhibitions\/#primaryimage"},"thumbnailUrl":"https:\/\/sylviepotier.com\/wp-content\/uploads\/2023\/10\/salon-fragments-2023-sylvie-potier-mosaique.jpg","datePublished":"2021-04-19T16:58:39+00:00","dateModified":"2024-05-07T20:26:49+00:00","description":"Find all the events in which Sylvie Potier participates.","breadcrumb":{"@id":"https:\/\/sylviepotier.com\/en\/events-and-exhibitions\/#breadcrumb"},"inLanguage":"en-GB","potentialAction":[{"@type":"ReadAction","target":["https:\/\/sylviepotier.com\/en\/events-and-exhibitions\/"]}]},{"@type":"ImageObject","inLanguage":"en-GB","@id":"https:\/\/sylviepotier.com\/en\/events-and-exhibitions\/#primaryimage","url":"https:\/\/sylviepotier.com\/wp-content\/uploads\/2023\/10\/salon-fragments-2023-sylvie-potier-mosaique.jpg","contentUrl":"https:\/\/sylviepotier.com\/wp-content\/uploads\/2023\/10\/salon-fragments-2023-sylvie-potier-mosaique.jpg"},{"@type":"BreadcrumbList","@id":"https:\/\/sylviepotier.com\/en\/events-and-exhibitions\/#breadcrumb","itemListElement":[{"@type":"ListItem","position":1,"name":"Accueil","item":"https:\/\/sylviepotier.com\/en\/home\/"},{"@type":"ListItem","position":2,"name":"Events and exhibitions"}]},{"@type":"WebSite","@id":"https:\/\/sylviepotier.com\/en\/#website","url":"https:\/\/sylviepotier.com\/en\/","name":"Sylvie Potier Mosaic","description":"Ma\u00eetre Artisan Mosa\u00efste","publisher":{"@id":"https:\/\/sylviepotier.com\/en\/#organization"},"potentialAction":[{"@type":"SearchAction","target":{"@type":"EntryPoint","urlTemplate":"https:\/\/sylviepotier.com\/en\/?s={search_term_string}"},"query-input":{"@type":"PropertyValueSpecification","valueRequired":true,"valueName":"search_term_string"}}],"inLanguage":"en-GB"},{"@type":"Organization","@id":"https:\/\/sylviepotier.com\/en\/#organization","name":"Sylvie Potier Mosaic","url":"https:\/\/sylviepotier.com\/en\/","logo":{"@type":"ImageObject","inLanguage":"en-GB","@id":"https:\/\/sylviepotier.com\/en\/#\/schema\/logo\/image\/","url":"https:\/\/sylviepotier.com\/wp-content\/uploads\/2021\/04\/logo-sylvie-potier-mosaique-artisan-mosaiste-280.png","contentUrl":"https:\/\/sylviepotier.com\/wp-content\/uploads\/2021\/04\/logo-sylvie-potier-mosaique-artisan-mosaiste-280.png","width":280,"height":92,"caption":"Sylvie Potier Mosaic"},"image":{"@id":"https:\/\/sylviepotier.com\/en\/#\/schema\/logo\/image\/"}}]}},"_links":{"self":[{"href":"https:\/\/sylviepotier.com\/en\/wp-json\/wp\/v2\/pages\/2147","targetHints":{"allow":["GET"]}}],"collection":[{"href":"https:\/\/sylviepotier.com\/en\/wp-json\/wp\/v2\/pages"}],"about":[{"href":"https:\/\/sylviepotier.com\/en\/wp-json\/wp\/v2\/types\/page"}],"author":[{"embeddable":true,"href":"https:\/\/sylviepotier.com\/en\/wp-json\/wp\/v2\/users\/2"}],"replies":[{"embeddable":true,"href":"https:\/\/sylviepotier.com\/en\/wp-json\/wp\/v2\/comments?post=2147"}],"version-history":[{"count":14,"href":"https:\/\/sylviepotier.com\/en\/wp-json\/wp\/v2\/pages\/2147\/revisions"}],"predecessor-version":[{"id":4275,"href":"https:\/\/sylviepotier.com\/en\/wp-json\/wp\/v2\/pages\/2147\/revisions\/4275"}],"wp:attachment":[{"href":"https:\/\/sylviepotier.com\/en\/wp-json\/wp\/v2\/media?parent=2147"}],"curies":[{"name":"wp","href":"https:\/\/api.w.org\/{rel}","templated":true}]}}